{"id":405,"date":"2024-12-06T14:16:25","date_gmt":"2024-12-06T14:16:25","guid":{"rendered":"https:\/\/marcin.wserwis.waw.pl\/?page_id=405"},"modified":"2025-01-20T21:48:03","modified_gmt":"2025-01-20T21:48:03","slug":"projekty-plany-zajec","status":"publish","type":"page","link":"https:\/\/mwieczorek.pl\/?page_id=405","title":{"rendered":"Projekty\/plany zaj\u0119\u0107"},"content":{"rendered":"\n\n\n<div style=\"height:53px\" aria-hidden=\"true\" class=\"wp-block-spacer\"><\/div>\n\n\n<style>.kb-posts-id-405_28b634-ec .kb-post-list-item{display:grid;}<\/style><ul class=\"wp-block-kadence-posts kb-posts kadence-posts-list kb-posts-id-405_28b634-ec content-wrap grid-cols kb-posts-style-boxed grid-sm-col-1 grid-lg-col-1 item-image-style-beside\"><li class=\"kb-post-list-item\">\n\t<article class=\"entry content-bg loop-entry post-1241 post type-post status-publish format-standard has-post-thumbnail hentry category-dyskursy\">\n\t\t\t\t<a aria-hidden=\"true\" tabindex=\"-1\" role=\"presentation\" class=\"post-thumbnail kadence-thumbnail-ratio-inherit\" href=\"https:\/\/mwieczorek.pl\/?p=1241\" aria-label=\"Polska literatura popularna\">\n\t\t\t<div class=\"post-thumbnail-inner\">\n\t\t\t\t<img loading=\"lazy\" decoding=\"async\" width=\"211\" height=\"300\" src=\"https:\/\/mwieczorek.pl\/wp-content\/uploads\/2025\/01\/polska-literatura-popularna-211x300.jpg\" class=\"attachment-medium size-medium wp-post-image\" alt=\"Polska literatura popularna\" srcset=\"https:\/\/mwieczorek.pl\/wp-content\/uploads\/2025\/01\/polska-literatura-popularna-211x300.jpg 211w, https:\/\/mwieczorek.pl\/wp-content\/uploads\/2025\/01\/polska-literatura-popularna-719x1024.jpg 719w, https:\/\/mwieczorek.pl\/wp-content\/uploads\/2025\/01\/polska-literatura-popularna-768x1094.jpg 768w, https:\/\/mwieczorek.pl\/wp-content\/uploads\/2025\/01\/polska-literatura-popularna.jpg 1024w\" sizes=\"auto, (max-width: 211px) 100vw, 211px\" \/>\t\t\t<\/div>\n\t\t<\/a><!-- .post-thumbnail -->\n\t\t\t\t<div class=\"entry-content-wrap\">\n\t\t\t<header class=\"entry-header\">\n\t\t<div class=\"entry-taxonomies\">\n\t\t<span class=\"category-links term-links category-style-normal\">\n\t\t\t<a href=\"https:\/\/mwieczorek.pl\/?cat=13\" class=\"category-link-dyskursy\" rel=\"tag\">dyskursy<\/a>\t\t<\/span>\n\t<\/div><!-- .entry-taxonomies -->\n\t<h2 class=\"entry-title\"><a href=\"https:\/\/mwieczorek.pl\/?p=1241\" rel=\"bookmark\">Polska literatura popularna<\/a><\/h2>\t<div class=\"entry-meta entry-meta-divider-dot\">\n\t<span class=\"posted-by\"><span class=\"meta-label\">Przez<\/span><span class=\"author vcard\"><span class=\"fn n\">Marcin W<\/span><\/span><\/span>\t\t\t<span class=\"posted-on\">\n\t\t\t\t<time class=\"entry-date published\" datetime=\"2025-01-14T09:20:33+00:00\">14 stycznia, 2025<\/time><time class=\"updated\" datetime=\"2025-02-12T00:31:39+00:00\">12 lutego, 2025<\/time>\t\t\t<\/span>\n\t\t\t\t<\/div><!-- .entry-meta -->\n\t<\/header><!-- .entry-header -->\n\t<div class=\"entry-summary\">\n\t\t<p>Polska literatura popularna. Wybrane w\u0105tki. Konwersatorium (26 h) Autorskie \u0107wiczenia po\u015bwi\u0119cone literaturze realnie czytanej, prowadzone w Collegium Civitas. Za\u0142o\u017cenia i cele: Celem zaj\u0119\u0107 jest analiza i interpretacja fenomenu wsp\u00f3\u0142czesnej literatury popularnej, tak charakterystycznego dla rozwoju kultury masowej w Polsce po 1989 r. Na tle historii literatury popularnej w kraju (i na \u015bwiecie), oraz rozwoju, wolnych&#8230;<\/p>\n\t<\/div><!-- .entry-summary -->\n\t<footer class=\"entry-footer\">\n\t\t\t<div class=\"entry-actions\">\n\t\t\t<p class=\"more-link-wrap\">\n\t\t\t\t<a href=\"https:\/\/mwieczorek.pl\/?p=1241\" class=\"post-more-link\">\n\t\t\t\t\tprzejd\u017a do artyku\u0142u<span class=\"screen-reader-text\"> Polska literatura popularna<\/span><span class=\"kadence-svg-iconset svg-baseline\"><svg aria-hidden=\"true\" class=\"kadence-svg-icon kadence-arrow-right-alt-svg\" fill=\"currentColor\" version=\"1.1\" xmlns=\"http:\/\/www.w3.org\/2000\/svg\" width=\"27\" height=\"28\" viewBox=\"0 0 27 28\"><title>Kontynuuj<\/title><path d=\"M27 13.953c0 0.141-0.063 0.281-0.156 0.375l-6 5.531c-0.156 0.141-0.359 0.172-0.547 0.094-0.172-0.078-0.297-0.25-0.297-0.453v-3.5h-19.5c-0.281 0-0.5-0.219-0.5-0.5v-3c0-0.281 0.219-0.5 0.5-0.5h19.5v-3.5c0-0.203 0.109-0.375 0.297-0.453s0.391-0.047 0.547 0.078l6 5.469c0.094 0.094 0.156 0.219 0.156 0.359v0z\"><\/path>\n\t\t\t<\/svg><\/span>\t\t\t\t<\/a>\n\t\t\t<\/p>\n\t\t<\/div><!-- .entry-actions -->\n\t\t<\/footer><!-- .entry-footer -->\t\t<\/div>\n\t<\/article>\n<\/li>\n<li class=\"kb-post-list-item\">\n\t<article class=\"entry content-bg loop-entry post-1239 post type-post status-publish format-standard has-post-thumbnail hentry category-dyskursy\">\n\t\t\t\t<a aria-hidden=\"true\" tabindex=\"-1\" role=\"presentation\" class=\"post-thumbnail kadence-thumbnail-ratio-inherit\" href=\"https:\/\/mwieczorek.pl\/?p=1239\" aria-label=\"Przemiany mi\u0142o\u015bci we wsp\u00f3\u0142czesnym \u015bwiecie\">\n\t\t\t<div class=\"post-thumbnail-inner\">\n\t\t\t\t<img loading=\"lazy\" decoding=\"async\" width=\"218\" height=\"300\" src=\"https:\/\/mwieczorek.pl\/wp-content\/uploads\/2025\/01\/Przemiany-milosci-218x300.jpg\" class=\"attachment-medium size-medium wp-post-image\" alt=\"Przemiany mi\u0142o\u015bci we wsp\u00f3\u0142czesnym \u015bwiecie\" srcset=\"https:\/\/mwieczorek.pl\/wp-content\/uploads\/2025\/01\/Przemiany-milosci-218x300.jpg 218w, https:\/\/mwieczorek.pl\/wp-content\/uploads\/2025\/01\/Przemiany-milosci.jpg 600w\" sizes=\"auto, (max-width: 218px) 100vw, 218px\" \/>\t\t\t<\/div>\n\t\t<\/a><!-- .post-thumbnail -->\n\t\t\t\t<div class=\"entry-content-wrap\">\n\t\t\t<header class=\"entry-header\">\n\t\t<div class=\"entry-taxonomies\">\n\t\t<span class=\"category-links term-links category-style-normal\">\n\t\t\t<a href=\"https:\/\/mwieczorek.pl\/?cat=13\" class=\"category-link-dyskursy\" rel=\"tag\">dyskursy<\/a>\t\t<\/span>\n\t<\/div><!-- .entry-taxonomies -->\n\t<h2 class=\"entry-title\"><a href=\"https:\/\/mwieczorek.pl\/?p=1239\" rel=\"bookmark\">Przemiany mi\u0142o\u015bci we wsp\u00f3\u0142czesnym \u015bwiecie<\/a><\/h2>\t<div class=\"entry-meta entry-meta-divider-dot\">\n\t<span class=\"posted-by\"><span class=\"meta-label\">Przez<\/span><span class=\"author vcard\"><span class=\"fn n\">Marcin W<\/span><\/span><\/span>\t\t\t<span class=\"posted-on\">\n\t\t\t\t<time class=\"entry-date published\" datetime=\"2025-01-14T09:18:50+00:00\">14 stycznia, 2025<\/time><time class=\"updated\" datetime=\"2025-02-12T00:31:39+00:00\">12 lutego, 2025<\/time>\t\t\t<\/span>\n\t\t\t\t<\/div><!-- .entry-meta -->\n\t<\/header><!-- .entry-header -->\n\t<div class=\"entry-summary\">\n\t\t<p>Przemiany mi\u0142o\u015bci we wsp\u00f3\u0142czesnym \u015bwiecie&nbsp;(28 h) Autorskie \u0107wiczenia, po\u015bwi\u0119cone wizjom mi\u0142o\u015bci w XX i XXI wieku, kt\u00f3re b\u0119d\u0105 prowadzone od przysz\u0142ego roku akademickiego w Collegium Civitas. Za\u0142o\u017cenia i cele: Celem zaj\u0119\u0107 jest zapoznanie student\u00f3w z problematyk\u0105 dyskursu mi\u0142osnego w jego wsp\u00f3\u0142czesnym, heterogenicznym kszta\u0142cie. Chodzi o \u201eg\u0119sty\u201d opis zachowa\u0144 s\u0142u\u017c\u0105cych tworzeniu wi\u0119zi mi\u0119dzyludzkich \u2013 mi\u0142o\u015bci, a&#8230;<\/p>\n\t<\/div><!-- .entry-summary -->\n\t<footer class=\"entry-footer\">\n\t\t\t<div class=\"entry-actions\">\n\t\t\t<p class=\"more-link-wrap\">\n\t\t\t\t<a href=\"https:\/\/mwieczorek.pl\/?p=1239\" class=\"post-more-link\">\n\t\t\t\t\tprzejd\u017a do artyku\u0142u<span class=\"screen-reader-text\"> Przemiany mi\u0142o\u015bci we wsp\u00f3\u0142czesnym \u015bwiecie<\/span><span class=\"kadence-svg-iconset svg-baseline\"><svg aria-hidden=\"true\" class=\"kadence-svg-icon kadence-arrow-right-alt-svg\" fill=\"currentColor\" version=\"1.1\" xmlns=\"http:\/\/www.w3.org\/2000\/svg\" width=\"27\" height=\"28\" viewBox=\"0 0 27 28\"><title>Kontynuuj<\/title><path d=\"M27 13.953c0 0.141-0.063 0.281-0.156 0.375l-6 5.531c-0.156 0.141-0.359 0.172-0.547 0.094-0.172-0.078-0.297-0.25-0.297-0.453v-3.5h-19.5c-0.281 0-0.5-0.219-0.5-0.5v-3c0-0.281 0.219-0.5 0.5-0.5h19.5v-3.5c0-0.203 0.109-0.375 0.297-0.453s0.391-0.047 0.547 0.078l6 5.469c0.094 0.094 0.156 0.219 0.156 0.359v0z\"><\/path>\n\t\t\t<\/svg><\/span>\t\t\t\t<\/a>\n\t\t\t<\/p>\n\t\t<\/div><!-- .entry-actions -->\n\t\t<\/footer><!-- .entry-footer -->\t\t<\/div>\n\t<\/article>\n<\/li>\n<li class=\"kb-post-list-item\">\n\t<article class=\"entry content-bg loop-entry post-1237 post type-post status-publish format-standard has-post-thumbnail hentry category-dyskursy\">\n\t\t\t\t<a aria-hidden=\"true\" tabindex=\"-1\" role=\"presentation\" class=\"post-thumbnail kadence-thumbnail-ratio-inherit\" href=\"https:\/\/mwieczorek.pl\/?p=1237\" aria-label=\"Socjologia medi\u00f3w\">\n\t\t\t<div class=\"post-thumbnail-inner\">\n\t\t\t\t<img loading=\"lazy\" decoding=\"async\" width=\"191\" height=\"300\" src=\"https:\/\/mwieczorek.pl\/wp-content\/uploads\/2025\/01\/Socjologia-mediow-191x300.jpg\" class=\"attachment-medium size-medium wp-post-image\" alt=\"Socjologia medi\u00f3w\" srcset=\"https:\/\/mwieczorek.pl\/wp-content\/uploads\/2025\/01\/Socjologia-mediow-191x300.jpg 191w, https:\/\/mwieczorek.pl\/wp-content\/uploads\/2025\/01\/Socjologia-mediow.jpg 600w\" sizes=\"auto, (max-width: 191px) 100vw, 191px\" \/>\t\t\t<\/div>\n\t\t<\/a><!-- .post-thumbnail -->\n\t\t\t\t<div class=\"entry-content-wrap\">\n\t\t\t<header class=\"entry-header\">\n\t\t<div class=\"entry-taxonomies\">\n\t\t<span class=\"category-links term-links category-style-normal\">\n\t\t\t<a href=\"https:\/\/mwieczorek.pl\/?cat=13\" class=\"category-link-dyskursy\" rel=\"tag\">dyskursy<\/a>\t\t<\/span>\n\t<\/div><!-- .entry-taxonomies -->\n\t<h2 class=\"entry-title\"><a href=\"https:\/\/mwieczorek.pl\/?p=1237\" rel=\"bookmark\">Socjologia medi\u00f3w<\/a><\/h2>\t<div class=\"entry-meta entry-meta-divider-dot\">\n\t<span class=\"posted-by\"><span class=\"meta-label\">Przez<\/span><span class=\"author vcard\"><span class=\"fn n\">Marcin W<\/span><\/span><\/span>\t\t\t<span class=\"posted-on\">\n\t\t\t\t<time class=\"entry-date published\" datetime=\"2025-01-14T09:17:56+00:00\">14 stycznia, 2025<\/time><time class=\"updated\" datetime=\"2025-02-12T00:31:40+00:00\">12 lutego, 2025<\/time>\t\t\t<\/span>\n\t\t\t\t<\/div><!-- .entry-meta -->\n\t<\/header><!-- .entry-header -->\n\t<div class=\"entry-summary\">\n\t\t<p>Socjologia medi\u00f3w. \u0106wiczenia&nbsp;(14 h) Autorskie zaj\u0119cia dla student\u00f3w Wy\u017cszej Szko\u0142y Dziennikarskiej im. M. Wa\u0144kowicza, uwypuklaj\u0105ce humanistyczn\u0105 i krytyczn\u0105 wizj\u0119 mass medi\u00f3w. Za\u0142o\u017cenia i cele: przygotowanie do socjologicznego rozumienia i interpretacji medi\u00f3w, ich r\u00f3l spo\u0142ecznych i znaczenia dla procesu kulturowego. Zapoznanie z podstawowymi koncepcjami wp\u0142ywu medi\u00f3w na spo\u0142ecze\u0144stwo i jego kultur\u0119 (media a opinie, a postawy,&#8230;<\/p>\n\t<\/div><!-- .entry-summary -->\n\t<footer class=\"entry-footer\">\n\t\t\t<div class=\"entry-actions\">\n\t\t\t<p class=\"more-link-wrap\">\n\t\t\t\t<a href=\"https:\/\/mwieczorek.pl\/?p=1237\" class=\"post-more-link\">\n\t\t\t\t\tprzejd\u017a do artyku\u0142u<span class=\"screen-reader-text\"> Socjologia medi\u00f3w<\/span><span class=\"kadence-svg-iconset svg-baseline\"><svg aria-hidden=\"true\" class=\"kadence-svg-icon kadence-arrow-right-alt-svg\" fill=\"currentColor\" version=\"1.1\" xmlns=\"http:\/\/www.w3.org\/2000\/svg\" width=\"27\" height=\"28\" viewBox=\"0 0 27 28\"><title>Kontynuuj<\/title><path d=\"M27 13.953c0 0.141-0.063 0.281-0.156 0.375l-6 5.531c-0.156 0.141-0.359 0.172-0.547 0.094-0.172-0.078-0.297-0.25-0.297-0.453v-3.5h-19.5c-0.281 0-0.5-0.219-0.5-0.5v-3c0-0.281 0.219-0.5 0.5-0.5h19.5v-3.5c0-0.203 0.109-0.375 0.297-0.453s0.391-0.047 0.547 0.078l6 5.469c0.094 0.094 0.156 0.219 0.156 0.359v0z\"><\/path>\n\t\t\t<\/svg><\/span>\t\t\t\t<\/a>\n\t\t\t<\/p>\n\t\t<\/div><!-- .entry-actions -->\n\t\t<\/footer><!-- .entry-footer -->\t\t<\/div>\n\t<\/article>\n<\/li>\n<li class=\"kb-post-list-item\">\n\t<article class=\"entry content-bg loop-entry post-1234 post type-post status-publish format-standard hentry category-dyskursy\">\n\t\t\t\t<div class=\"entry-content-wrap\">\n\t\t\t<header class=\"entry-header\">\n\t\t<div class=\"entry-taxonomies\">\n\t\t<span class=\"category-links term-links category-style-normal\">\n\t\t\t<a href=\"https:\/\/mwieczorek.pl\/?cat=13\" class=\"category-link-dyskursy\" rel=\"tag\">dyskursy<\/a>\t\t<\/span>\n\t<\/div><!-- .entry-taxonomies -->\n\t<h2 class=\"entry-title\"><a href=\"https:\/\/mwieczorek.pl\/?p=1234\" rel=\"bookmark\">Media kultury w refleksji antropologicznej<\/a><\/h2>\t<div class=\"entry-meta entry-meta-divider-dot\">\n\t<span class=\"posted-by\"><span class=\"meta-label\">Przez<\/span><span class=\"author vcard\"><span class=\"fn n\">Marcin W<\/span><\/span><\/span>\t\t\t<span class=\"posted-on\">\n\t\t\t\t<time class=\"entry-date published\" datetime=\"2025-01-14T09:15:03+00:00\">14 stycznia, 2025<\/time><time class=\"updated\" datetime=\"2025-02-12T00:31:40+00:00\">12 lutego, 2025<\/time>\t\t\t<\/span>\n\t\t\t\t<\/div><!-- .entry-meta -->\n\t<\/header><!-- .entry-header -->\n\t<div class=\"entry-summary\">\n\t\t<p>Media kultury w refleksji antropologicznej: mowa, pismo, druk. \u0106wiczenia (28 h) \u0106wiczenia, prowadzone w Collegium Civitas od semestru letniego 2008 r., odwo\u0142uj\u0105ce si\u0119 do problematyki antropologii s\u0142owa i historii kultury, widzianej z perspektywy przemian dominuj\u0105cych technik komunikacyjnych i ich wp\u0142ywu na kszta\u0142t \u017cycia spo\u0142ecznego. Za\u0142o\u017cenia i cele: Celem przedmiotu jest przygotowanie student\u00f3w do pojmowania do\u015bwiadczenia&#8230;<\/p>\n\t<\/div><!-- .entry-summary -->\n\t<footer class=\"entry-footer\">\n\t\t\t<div class=\"entry-actions\">\n\t\t\t<p class=\"more-link-wrap\">\n\t\t\t\t<a href=\"https:\/\/mwieczorek.pl\/?p=1234\" class=\"post-more-link\">\n\t\t\t\t\tprzejd\u017a do artyku\u0142u<span class=\"screen-reader-text\"> Media kultury w refleksji antropologicznej<\/span><span class=\"kadence-svg-iconset svg-baseline\"><svg aria-hidden=\"true\" class=\"kadence-svg-icon kadence-arrow-right-alt-svg\" fill=\"currentColor\" version=\"1.1\" xmlns=\"http:\/\/www.w3.org\/2000\/svg\" width=\"27\" height=\"28\" viewBox=\"0 0 27 28\"><title>Kontynuuj<\/title><path d=\"M27 13.953c0 0.141-0.063 0.281-0.156 0.375l-6 5.531c-0.156 0.141-0.359 0.172-0.547 0.094-0.172-0.078-0.297-0.25-0.297-0.453v-3.5h-19.5c-0.281 0-0.5-0.219-0.5-0.5v-3c0-0.281 0.219-0.5 0.5-0.5h19.5v-3.5c0-0.203 0.109-0.375 0.297-0.453s0.391-0.047 0.547 0.078l6 5.469c0.094 0.094 0.156 0.219 0.156 0.359v0z\"><\/path>\n\t\t\t<\/svg><\/span>\t\t\t\t<\/a>\n\t\t\t<\/p>\n\t\t<\/div><!-- .entry-actions -->\n\t\t<\/footer><!-- .entry-footer -->\t\t<\/div>\n\t<\/article>\n<\/li>\n<li class=\"kb-post-list-item\">\n\t<article class=\"entry content-bg loop-entry post-1232 post type-post status-publish format-standard has-post-thumbnail hentry category-dyskursy\">\n\t\t\t\t<a aria-hidden=\"true\" tabindex=\"-1\" role=\"presentation\" class=\"post-thumbnail kadence-thumbnail-ratio-inherit\" href=\"https:\/\/mwieczorek.pl\/?p=1232\" aria-label=\"Kultura masowa\">\n\t\t\t<div class=\"post-thumbnail-inner\">\n\t\t\t\t<img loading=\"lazy\" decoding=\"async\" width=\"181\" height=\"300\" src=\"https:\/\/mwieczorek.pl\/wp-content\/uploads\/2025\/01\/kultura-masowa-181x300.jpg\" class=\"attachment-medium size-medium wp-post-image\" alt=\"Kultura masowa\" srcset=\"https:\/\/mwieczorek.pl\/wp-content\/uploads\/2025\/01\/kultura-masowa-181x300.jpg 181w, https:\/\/mwieczorek.pl\/wp-content\/uploads\/2025\/01\/kultura-masowa.jpg 272w\" sizes=\"auto, (max-width: 181px) 100vw, 181px\" \/>\t\t\t<\/div>\n\t\t<\/a><!-- .post-thumbnail -->\n\t\t\t\t<div class=\"entry-content-wrap\">\n\t\t\t<header class=\"entry-header\">\n\t\t<div class=\"entry-taxonomies\">\n\t\t<span class=\"category-links term-links category-style-normal\">\n\t\t\t<a href=\"https:\/\/mwieczorek.pl\/?cat=13\" class=\"category-link-dyskursy\" rel=\"tag\">dyskursy<\/a>\t\t<\/span>\n\t<\/div><!-- .entry-taxonomies -->\n\t<h2 class=\"entry-title\"><a href=\"https:\/\/mwieczorek.pl\/?p=1232\" rel=\"bookmark\">Kultura masowa<\/a><\/h2>\t<div class=\"entry-meta entry-meta-divider-dot\">\n\t<span class=\"posted-by\"><span class=\"meta-label\">Przez<\/span><span class=\"author vcard\"><span class=\"fn n\">Marcin W<\/span><\/span><\/span>\t\t\t<span class=\"posted-on\">\n\t\t\t\t<time class=\"entry-date published\" datetime=\"2025-01-14T09:12:55+00:00\">14 stycznia, 2025<\/time><time class=\"updated\" datetime=\"2025-02-12T00:31:40+00:00\">12 lutego, 2025<\/time>\t\t\t<\/span>\n\t\t\t\t<\/div><!-- .entry-meta -->\n\t<\/header><!-- .entry-header -->\n\t<div class=\"entry-summary\">\n\t\t<p>Kultura masowa. \u0106wiczenia&nbsp;(14 h) Autorskie \u0107wiczenia po\u015bwi\u0119cone analizom kultury masowej, prowadzone w Centrum Studi\u00f3w Latynoameryka\u0144skich UW Za\u0142o\u017cenia i cele: Zapoznanie studenta z zasadniczymi aspektami badania i rozumienia kultury masowej, ukazanie innych ni\u017c konsumenckie postawy wobec niej, analiza i interpretacja fenomen\u00f3w kultury masowej na przyk\u0142adach klasycznych i dzisiejszych (programy i seriale TV, filmy, ksi\u0105\u017cki, dzie\u0142a sztuki,&#8230;<\/p>\n\t<\/div><!-- .entry-summary -->\n\t<footer class=\"entry-footer\">\n\t\t\t<div class=\"entry-actions\">\n\t\t\t<p class=\"more-link-wrap\">\n\t\t\t\t<a href=\"https:\/\/mwieczorek.pl\/?p=1232\" class=\"post-more-link\">\n\t\t\t\t\tprzejd\u017a do artyku\u0142u<span class=\"screen-reader-text\"> Kultura masowa<\/span><span class=\"kadence-svg-iconset svg-baseline\"><svg aria-hidden=\"true\" class=\"kadence-svg-icon kadence-arrow-right-alt-svg\" fill=\"currentColor\" version=\"1.1\" xmlns=\"http:\/\/www.w3.org\/2000\/svg\" width=\"27\" height=\"28\" viewBox=\"0 0 27 28\"><title>Kontynuuj<\/title><path d=\"M27 13.953c0 0.141-0.063 0.281-0.156 0.375l-6 5.531c-0.156 0.141-0.359 0.172-0.547 0.094-0.172-0.078-0.297-0.25-0.297-0.453v-3.5h-19.5c-0.281 0-0.5-0.219-0.5-0.5v-3c0-0.281 0.219-0.5 0.5-0.5h19.5v-3.5c0-0.203 0.109-0.375 0.297-0.453s0.391-0.047 0.547 0.078l6 5.469c0.094 0.094 0.156 0.219 0.156 0.359v0z\"><\/path>\n\t\t\t<\/svg><\/span>\t\t\t\t<\/a>\n\t\t\t<\/p>\n\t\t<\/div><!-- .entry-actions -->\n\t\t<\/footer><!-- .entry-footer -->\t\t<\/div>\n\t<\/article>\n<\/li>\n<li class=\"kb-post-list-item\">\n\t<article class=\"entry content-bg loop-entry post-1229 post type-post status-publish format-standard has-post-thumbnail hentry category-dyskursy\">\n\t\t\t\t<a aria-hidden=\"true\" tabindex=\"-1\" role=\"presentation\" class=\"post-thumbnail kadence-thumbnail-ratio-inherit\" href=\"https:\/\/mwieczorek.pl\/?p=1229\" aria-label=\"Literackie konteksty internetu\">\n\t\t\t<div class=\"post-thumbnail-inner\">\n\t\t\t\t<img loading=\"lazy\" decoding=\"async\" width=\"209\" height=\"300\" src=\"https:\/\/mwieczorek.pl\/wp-content\/uploads\/2025\/01\/literackie-konteksty-internetu-209x300.jpg\" class=\"attachment-medium size-medium wp-post-image\" alt=\"Literackie konteksty internetu\" srcset=\"https:\/\/mwieczorek.pl\/wp-content\/uploads\/2025\/01\/literackie-konteksty-internetu-209x300.jpg 209w, https:\/\/mwieczorek.pl\/wp-content\/uploads\/2025\/01\/literackie-konteksty-internetu.jpg 426w\" sizes=\"auto, (max-width: 209px) 100vw, 209px\" \/>\t\t\t<\/div>\n\t\t<\/a><!-- .post-thumbnail -->\n\t\t\t\t<div class=\"entry-content-wrap\">\n\t\t\t<header class=\"entry-header\">\n\t\t<div class=\"entry-taxonomies\">\n\t\t<span class=\"category-links term-links category-style-normal\">\n\t\t\t<a href=\"https:\/\/mwieczorek.pl\/?cat=13\" class=\"category-link-dyskursy\" rel=\"tag\">dyskursy<\/a>\t\t<\/span>\n\t<\/div><!-- .entry-taxonomies -->\n\t<h2 class=\"entry-title\"><a href=\"https:\/\/mwieczorek.pl\/?p=1229\" rel=\"bookmark\">Literackie konteksty internetu<\/a><\/h2>\t<div class=\"entry-meta entry-meta-divider-dot\">\n\t<span class=\"posted-by\"><span class=\"meta-label\">Przez<\/span><span class=\"author vcard\"><span class=\"fn n\">Marcin W<\/span><\/span><\/span>\t\t\t<span class=\"posted-on\">\n\t\t\t\t<time class=\"entry-date published\" datetime=\"2025-01-14T09:09:40+00:00\">14 stycznia, 2025<\/time><time class=\"updated\" datetime=\"2025-02-12T00:31:40+00:00\">12 lutego, 2025<\/time>\t\t\t<\/span>\n\t\t\t\t<\/div><!-- .entry-meta -->\n\t<\/header><!-- .entry-header -->\n\t<div class=\"entry-summary\">\n\t\t<p>Literackie konteksty Internetu. Wersja do druku (30 h)Autorskie \u0107wiczenia po\u015bwi\u0119cone kulturze literackiej w Internecie, prowadzone od kilku lat na Wydziale Polonistyki UW w ramach specjalizacji Filologia dla medi\u00f3w. Za\u0142o\u017cenia i cele: zaj\u0119cia zapoznaj\u0105 studenta z wieloaspektowym funkcjonowaniem literatury w Internecie oraz przygotowuj\u0105 do kreowania humanistycznych wymiar\u00f3w sieci. Plan zaj\u0119\u0107: 7.-8. Literackie wizje Internetu. \u201eSamotno\u015b\u0107 w&#8230;<\/p>\n\t<\/div><!-- .entry-summary -->\n\t<footer class=\"entry-footer\">\n\t\t\t<div class=\"entry-actions\">\n\t\t\t<p class=\"more-link-wrap\">\n\t\t\t\t<a href=\"https:\/\/mwieczorek.pl\/?p=1229\" class=\"post-more-link\">\n\t\t\t\t\tprzejd\u017a do artyku\u0142u<span class=\"screen-reader-text\"> Literackie konteksty internetu<\/span><span class=\"kadence-svg-iconset svg-baseline\"><svg aria-hidden=\"true\" class=\"kadence-svg-icon kadence-arrow-right-alt-svg\" fill=\"currentColor\" version=\"1.1\" xmlns=\"http:\/\/www.w3.org\/2000\/svg\" width=\"27\" height=\"28\" viewBox=\"0 0 27 28\"><title>Kontynuuj<\/title><path d=\"M27 13.953c0 0.141-0.063 0.281-0.156 0.375l-6 5.531c-0.156 0.141-0.359 0.172-0.547 0.094-0.172-0.078-0.297-0.25-0.297-0.453v-3.5h-19.5c-0.281 0-0.5-0.219-0.5-0.5v-3c0-0.281 0.219-0.5 0.5-0.5h19.5v-3.5c0-0.203 0.109-0.375 0.297-0.453s0.391-0.047 0.547 0.078l6 5.469c0.094 0.094 0.156 0.219 0.156 0.359v0z\"><\/path>\n\t\t\t<\/svg><\/span>\t\t\t\t<\/a>\n\t\t\t<\/p>\n\t\t<\/div><!-- .entry-actions -->\n\t\t<\/footer><!-- .entry-footer -->\t\t<\/div>\n\t<\/article>\n<\/li>\n<\/ul>","protected":false},"excerpt":{"rendered":"","protected":false},"author":1,"featured_media":0,"parent":0,"menu_order":0,"comment_status":"closed","ping_status":"closed","template":"","meta":{"_kad_post_transparent":"","_kad_post_title":"","_kad_post_layout":"","_kad_post_sidebar_id":"","_kad_post_content_style":"","_kad_post_vertical_padding":"","_kad_post_feature":"","_kad_post_feature_position":"","_kad_post_header":false,"_kad_post_footer":false,"_kad_post_classname":"","footnotes":""},"class_list":["post-405","page","type-page","status-publish","hentry"],"_links":{"self":[{"href":"https:\/\/mwieczorek.pl\/index.php?rest_route=\/wp\/v2\/pages\/405","targetHints":{"allow":["GET"]}}],"collection":[{"href":"https:\/\/mwieczorek.pl\/index.php?rest_route=\/wp\/v2\/pages"}],"about":[{"href":"https:\/\/mwieczorek.pl\/index.php?rest_route=\/wp\/v2\/types\/page"}],"author":[{"embeddable":true,"href":"https:\/\/mwieczorek.pl\/index.php?rest_route=\/wp\/v2\/users\/1"}],"replies":[{"embeddable":true,"href":"https:\/\/mwieczorek.pl\/index.php?rest_route=%2Fwp%2Fv2%2Fcomments&post=405"}],"version-history":[{"count":26,"href":"https:\/\/mwieczorek.pl\/index.php?rest_route=\/wp\/v2\/pages\/405\/revisions"}],"predecessor-version":[{"id":1681,"href":"https:\/\/mwieczorek.pl\/index.php?rest_route=\/wp\/v2\/pages\/405\/revisions\/1681"}],"wp:attachment":[{"href":"https:\/\/mwieczorek.pl\/index.php?rest_route=%2Fwp%2Fv2%2Fmedia&parent=405"}],"curies":[{"name":"wp","href":"https:\/\/api.w.org\/{rel}","templated":true}]}}